{"id":1608,"date":"2022-02-15T14:39:02","date_gmt":"2022-02-15T13:39:02","guid":{"rendered":"https:\/\/www.eurofacto.com\/?post_type=product&#038;p=1608"},"modified":"2025-12-05T11:26:41","modified_gmt":"2025-12-05T10:26:41","slug":"casque-de-chantier-pro","status":"publish","type":"product","link":"https:\/\/www.eurofacto.com\/en\/product\/casque-de-chantier-pro\/","title":{"rendered":"Professionnal safety helmet"},"content":{"rendered":"<p><a href=\"https:\/\/www.eurofacto.com\/wp-content\/uploads\/2022\/02\/Fiche-technique-Casque-pro.pdf\">Technical sheet<\/a><\/p>\n<p><a href=\"https:\/\/www.eurofacto.com\/wp-content\/uploads\/2022\/02\/Mode-demploi-FR.pdf\">Instructions manual (FR)<\/a><\/p>\n<p>&nbsp;<\/p>\n<p>A185<\/p>","protected":false},"excerpt":{"rendered":"<p>Casque de s\u00e9curit\u00e9 fabriqu\u00e9 selon la norme europ\u00e9enne en vigueur EN397.<br \/>\nAdapt\u00e9 \u00e0 une utilisation professionnelle sur les chantiers du b\u00e2timent et de l&rsquo;industrie.<\/p>\n<p>Coque en plastique (PE) robuste avec goutti\u00e8re<br \/>\nTrous d&rsquo;a\u00e9ration et fentes lat\u00e9rales pour fixation des protections acoustiques.<br \/>\nHarnais int\u00e9rieur en plastique 6 points (en option, version textile 4 ou 6 bandes).<br \/>\nFixation serre-nuque avec tour de t\u00eate r\u00e9glable (51-64cm).<\/p>\n<p>Disponible par multiple de 20 pcs <em>(carton complet)<br \/>\n<\/em>MOQ 40 pcs<\/p>\n<p><strong>Important notice:<\/strong> article tr\u00e8s volumineux<br \/>\nSpecific shipping costs (see below)<\/p>","protected":false},"featured_media":1984,"template":"","meta":{"_uag_custom_page_level_css":""},"product_brand":[],"product_cat":[43,39],"product_tag":[],"class_list":{"0":"post-1608","1":"product","2":"type-product","3":"status-publish","4":"has-post-thumbnail","6":"product_cat-divers-pro","7":"product_cat-professionnel","9":"first","10":"instock","11":"shipping-taxable","12":"product-type-variable"},"uagb_featured_image_src":{"full":["https:\/\/www.eurofacto.com\/wp-content\/uploads\/2022\/02\/casque_chantier_pro_ex0000.jpg",1000,1000,false],"thumbnail":["https:\/\/www.eurofacto.com\/wp-content\/uploads\/2022\/02\/casque_chantier_pro_ex0000-150x150.jpg",150,150,true],"medium":["https:\/\/www.eurofacto.com\/wp-content\/uploads\/2022\/02\/casque_chantier_pro_ex0000-300x300.jpg",300,300,true],"medium_large":["https:\/\/www.eurofacto.com\/wp-content\/uploads\/2022\/02\/casque_chantier_pro_ex0000-768x768.jpg",768,768,true],"large":["https:\/\/www.eurofacto.com\/wp-content\/uploads\/2022\/02\/casque_chantier_pro_ex0000.jpg",1000,1000,false],"1536x1536":["https:\/\/www.eurofacto.com\/wp-content\/uploads\/2022\/02\/casque_chantier_pro_ex0000.jpg",1000,1000,false],"2048x2048":["https:\/\/www.eurofacto.com\/wp-content\/uploads\/2022\/02\/casque_chantier_pro_ex0000.jpg",1000,1000,false],"trp-custom-language-flag":["https:\/\/www.eurofacto.com\/wp-content\/uploads\/2022\/02\/casque_chantier_pro_ex0000.jpg",12,12,false],"woocommerce_archive_thumbnail":["https:\/\/www.eurofacto.com\/wp-content\/uploads\/2022\/02\/casque_chantier_pro_ex0000-300x300.jpg",300,300,true],"woocommerce_thumbnail":["https:\/\/www.eurofacto.com\/wp-content\/uploads\/2022\/02\/casque_chantier_pro_ex0000-300x300.jpg",300,300,true],"woocommerce_single":["https:\/\/www.eurofacto.com\/wp-content\/uploads\/2022\/02\/casque_chantier_pro_ex0000-600x600.jpg",600,600,true],"woocommerce_gallery_thumbnail":["https:\/\/www.eurofacto.com\/wp-content\/uploads\/2022\/02\/casque_chantier_pro_ex0000-100x100.jpg",100,100,true]},"uagb_author_info":{"display_name":"Antoine Ninat","author_link":"https:\/5ac1d44055f195d1\/5ac1d44055f195d1www.eurofacto.com\/5ac1d44055f195d1en\/5ac1d44055f195d1author\/5ac1d44055f195d1"},"uagb_comment_info":0,"uagb_excerpt":"Casque de s\u00e9curit\u00e9 fabriqu\u00e9 selon la norme europ\u00e9enne en vigueur EN397. Adapt\u00e9 \u00e0 une utilisation professionnelle sur les chantiers du b\u00e2timent et de l'industrie. Coque en plastique (PE) robuste avec goutti\u00e8re Trous d'a\u00e9ration et fentes lat\u00e9rales pour fixation des protections acoustiques. Harnais int\u00e9rieur en plastique 6 points (en option, version textile 4 ou 6 bandes).&hellip;","_links":{"self":[{"href":"https:\/\/www.eurofacto.com\/en\/wp-json\/wp\/v2\/product\/1608","targetHints":{"allow":["GET"]}}],"collection":[{"href":"https:\/\/www.eurofacto.com\/en\/wp-json\/wp\/v2\/product"}],"about":[{"href":"https:\/\/www.eurofacto.com\/en\/wp-json\/wp\/v2\/types\/product"}],"wp:featuredmedia":[{"embeddable":true,"href":"https:\/\/www.eurofacto.com\/en\/wp-json\/wp\/v2\/media\/1984"}],"wp:attachment":[{"href":"https:\/\/www.eurofacto.com\/en\/wp-json\/wp\/v2\/media?parent=1608"}],"wp:term":[{"taxonomy":"product_brand","embeddable":true,"href":"https:\/\/www.eurofacto.com\/en\/wp-json\/wp\/v2\/product_brand?post=1608"},{"taxonomy":"product_cat","embeddable":true,"href":"https:\/\/www.eurofacto.com\/en\/wp-json\/wp\/v2\/product_cat?post=1608"},{"taxonomy":"product_tag","embeddable":true,"href":"https:\/\/www.eurofacto.com\/en\/wp-json\/wp\/v2\/product_tag?post=1608"}],"curies":[{"name":"wp","href":"https:\/\/api.w.org\/{rel}","templated":true}]}}