{"id":5723,"date":"2025-11-27T18:28:22","date_gmt":"2025-11-27T17:28:22","guid":{"rendered":"https:\/\/www.eurofacto.com\/?post_type=product&#038;p=5723"},"modified":"2026-02-11T15:40:23","modified_gmt":"2026-02-11T14:40:23","slug":"carafe-en-verre-france","status":"publish","type":"product","link":"https:\/\/www.eurofacto.com\/en\/product\/carafe-en-verre-france\/","title":{"rendered":"Carafe en verre France"},"content":{"rendered":"<p>&nbsp;<\/p>\n<p>&nbsp;<\/p>\n<p>D499<\/p>","protected":false},"excerpt":{"rendered":"<p>Carafe au design esth\u00e9tique et fonctionnel, <strong>fabriqu\u00e9e en France<\/strong>.<br \/>\nAdapt\u00e9 au service d&rsquo;eau, de jus de fruit, vin et autres boissons.<\/p>\n<p>Cet article et son marquage sont compatibles avec un entretien au lave-vaisselle<br \/>\nCapacit\u00e9 standard de <strong>750 ml<\/strong>.<br \/>\nSur demande, ce mod\u00e8le existe \u00e9galement en format 25cl, 50cl ou 100cl.<\/p>\n<p>Special inks and high temperature firing for long-lasting marking<br \/>\nSuitable for intensive use in a professional environment<\/p>\n<p><strong>Important notice:<\/strong> fragile item delivered on pallets<br \/>\nSpecific shipping costs (see below)<\/p>","protected":false},"featured_media":5730,"template":"","meta":{"_uag_custom_page_level_css":""},"product_brand":[],"product_cat":[23,22],"product_tag":[],"class_list":{"0":"post-5723","1":"product","2":"type-product","3":"status-publish","4":"has-post-thumbnail","6":"product_cat-arts-de-la-table","7":"product_cat-maison","9":"first","10":"instock","11":"shipping-taxable","12":"product-type-variable"},"uagb_featured_image_src":{"full":["https:\/\/www.eurofacto.com\/wp-content\/uploads\/2025\/11\/carafefr-25an2.jpg",1000,1000,false],"thumbnail":["https:\/\/www.eurofacto.com\/wp-content\/uploads\/2025\/11\/carafefr-25an2-150x150.jpg",150,150,true],"medium":["https:\/\/www.eurofacto.com\/wp-content\/uploads\/2025\/11\/carafefr-25an2-300x300.jpg",300,300,true],"medium_large":["https:\/\/www.eurofacto.com\/wp-content\/uploads\/2025\/11\/carafefr-25an2-768x768.jpg",768,768,true],"large":["https:\/\/www.eurofacto.com\/wp-content\/uploads\/2025\/11\/carafefr-25an2.jpg",1000,1000,false],"1536x1536":["https:\/\/www.eurofacto.com\/wp-content\/uploads\/2025\/11\/carafefr-25an2.jpg",1000,1000,false],"2048x2048":["https:\/\/www.eurofacto.com\/wp-content\/uploads\/2025\/11\/carafefr-25an2.jpg",1000,1000,false],"trp-custom-language-flag":["https:\/\/www.eurofacto.com\/wp-content\/uploads\/2025\/11\/carafefr-25an2-12x12.jpg",12,12,true],"woocommerce_archive_thumbnail":["https:\/\/www.eurofacto.com\/wp-content\/uploads\/2025\/11\/carafefr-25an2-300x300.jpg",300,300,true],"woocommerce_thumbnail":["https:\/\/www.eurofacto.com\/wp-content\/uploads\/2025\/11\/carafefr-25an2-300x300.jpg",300,300,true],"woocommerce_single":["https:\/\/www.eurofacto.com\/wp-content\/uploads\/2025\/11\/carafefr-25an2-600x600.jpg",600,600,true],"woocommerce_gallery_thumbnail":["https:\/\/www.eurofacto.com\/wp-content\/uploads\/2025\/11\/carafefr-25an2-100x100.jpg",100,100,true]},"uagb_author_info":{"display_name":"Antoine Ninat","author_link":"https:\/5ac1d44055f195d1\/5ac1d44055f195d1www.eurofacto.com\/5ac1d44055f195d1en\/5ac1d44055f195d1author\/5ac1d44055f195d1"},"uagb_comment_info":0,"uagb_excerpt":"Carafe au design esth\u00e9tique et fonctionnel, fabriqu\u00e9e en France. Adapt\u00e9 au service d'eau, de jus de fruit, vin et autres boissons. Cet article et son marquage sont compatibles avec un entretien au lave-vaisselle Capacit\u00e9 standard de 750 ml. Sur demande, ce mod\u00e8le existe \u00e9galement en format 25cl, 50cl ou 100cl. Encres sp\u00e9ciales et cuisson post-impression&hellip;","_links":{"self":[{"href":"https:\/\/www.eurofacto.com\/en\/wp-json\/wp\/v2\/product\/5723","targetHints":{"allow":["GET"]}}],"collection":[{"href":"https:\/\/www.eurofacto.com\/en\/wp-json\/wp\/v2\/product"}],"about":[{"href":"https:\/\/www.eurofacto.com\/en\/wp-json\/wp\/v2\/types\/product"}],"wp:featuredmedia":[{"embeddable":true,"href":"https:\/\/www.eurofacto.com\/en\/wp-json\/wp\/v2\/media\/5730"}],"wp:attachment":[{"href":"https:\/\/www.eurofacto.com\/en\/wp-json\/wp\/v2\/media?parent=5723"}],"wp:term":[{"taxonomy":"product_brand","embeddable":true,"href":"https:\/\/www.eurofacto.com\/en\/wp-json\/wp\/v2\/product_brand?post=5723"},{"taxonomy":"product_cat","embeddable":true,"href":"https:\/\/www.eurofacto.com\/en\/wp-json\/wp\/v2\/product_cat?post=5723"},{"taxonomy":"product_tag","embeddable":true,"href":"https:\/\/www.eurofacto.com\/en\/wp-json\/wp\/v2\/product_tag?post=5723"}],"curies":[{"name":"wp","href":"https:\/\/api.w.org\/{rel}","templated":true}]}}